{"id":1399,"date":"2023-08-27T18:16:36","date_gmt":"2023-08-27T18:16:36","guid":{"rendered":"https:\/\/designedin.org\/about-2\/"},"modified":"2024-07-03T14:11:46","modified_gmt":"2024-07-03T14:11:46","slug":"about-2","status":"publish","type":"page","link":"https:\/\/designedin.org\/pt-pt\/about-2\/","title":{"rendered":"Sobre"},"content":{"rendered":"\n<p>Ol\u00e1, chamo-me Clara Vieira Rodrigues e sou designer investigadora, empreendedora e ativista de design. \ud83d\ude42<\/p>\n\n\n\n<p>Quinze anos depois de ter fundado e desenvolvido com sucesso o est\u00fadio de design e inova\u00e7\u00e3o <a href=\"https:\/\/claan.com\">Claan<\/a>, \u2014 empresa graduada das Ind\u00fastrias Criativas do Parque de Ci\u00eancia e Tecnologia da Universidade do Porto (UPTEC) \u2014 fundei uma vertente de empresa social, a DESIGNEDIN.<\/p>\n\n\n\n<p>Sou investigadora de Intelig\u00eancia Artificial no <a href=\"https:\/\/idmais.org\">ID+<\/a> e investigo a rela\u00e7\u00e3o entre as crian\u00e7as e a IA e a implementa\u00e7\u00e3o de solu\u00e7\u00f5es criativas, \u00e9ticas e respons\u00e1veis. Sou colunista de design centrado na crian\u00e7a, literacia digital e parentalidade tecnol\u00f3gica do jornal <a href=\"https:\/\/www.publico.pt\/pesquisa?query=Clara+vieira+rodrigues\">P\u00daBLICO<\/a> e mentora do <a href=\"https:\/\/www.newinc.org\/year-9-mentors\/clara-vieira-rodrigues\">NEW INC<\/a>, a incubadora de arte, design e tecnologia do New Museum of Contemporary Art NY.<br>Sou uma volunt\u00e1ria apaixonada que fundou o cap\u00edtulo portugu\u00eas da associa\u00e7\u00e3o global sem fins lucrativos <a href=\"http:\/\/designingforchildrensrights.org\">Designing for Children&#8217;s Rights<\/a>. Estou empenhada em promover os direitos das crian\u00e7as e em promover mudan\u00e7as positivas na sociedade.<\/p>\n\n\n\n<p>Estudei design de intera\u00e7\u00e3o na Academia Willem de Kooning da Universidade de Ci\u00eancias Aplicadas em Roterd\u00e3o, Pa\u00edses Baixos. Vivi em Viena e trabalhei como freelancer na Siemens \u00c1ustria. Mais tarde, em 2011, juntei-me ao Programa Internacional de Acelera\u00e7\u00e3o Startup Chile e vivi na Am\u00e9rica do Sul. Tenho partilhado a minha experi\u00eancia em criatividade, empreendedorismo e design criativo digital no ensino e como oradora em universidades e eventos.<\/p>\n\n\n\n<figure class=\"wp-block-image size-large\"><img loading=\"lazy\" decoding=\"async\" width=\"1024\" height=\"980\" src=\"https:\/\/designedin.org\/wp-content\/uploads\/2022\/06\/Graphic-1024x980.jpg\" alt=\"\" class=\"wp-image-835\" srcset=\"https:\/\/designedin.org\/wp-content\/uploads\/2022\/06\/Graphic-1024x980.jpg 1024w, https:\/\/designedin.org\/wp-content\/uploads\/2022\/06\/Graphic-600x574.jpg 600w, https:\/\/designedin.org\/wp-content\/uploads\/2022\/06\/Graphic-300x287.jpg 300w, https:\/\/designedin.org\/wp-content\/uploads\/2022\/06\/Graphic-768x735.jpg 768w, https:\/\/designedin.org\/wp-content\/uploads\/2022\/06\/Graphic-1536x1471.jpg 1536w, https:\/\/designedin.org\/wp-content\/uploads\/2022\/06\/Graphic-200x191.jpg 200w, https:\/\/designedin.org\/wp-content\/uploads\/2022\/06\/Graphic.jpg 1599w\" sizes=\"auto, (max-width: 1024px) 100vw, 1024px\" \/><\/figure>\n\n\n\n<p>De acordo com o Banco Mundial, as crian\u00e7as constituem quase 30% da popula\u00e7\u00e3o mundial e os seus direitos espec\u00edficos, cuidadosamente protegidos pela Conven\u00e7\u00e3o das Na\u00e7\u00f5es Unidas de 1989, fazem delas agentes sociais activos e criativos.<br>DESIGNEDIN acredita no poder do design para elevar a nossa sociedade e moldar um futuro onde as crian\u00e7as prosperem.<\/p>\n\n\n\n<p>DESIGNEDIN \u00e9 especializada em servi\u00e7os de design e media digital dedicados a crian\u00e7as e outros <em>stakeholders<\/em> tais como: museus, institui\u00e7\u00f5es, empresas com necessidades ou desafios espec\u00edficos que necessitem de uma abordagem centrada na crian\u00e7a e nos seus direitos, impulsionada pelos princ\u00edpios fundamentais do ethos do bem-estar das crian\u00e7as e do compromisso com um planeta sustent\u00e1vel.<\/p>\n\n\n\n<p>Em 2021, liderei uma candidatura \u00e0 Comiss\u00e3o Europeia de um cons\u00f3rcio not\u00e1vel de profissionais e institui\u00e7\u00f5es muito empenhados na causa &#8211; engenheiros, soci\u00f3logos, psic\u00f3logos e designers (FEUP, FCUP, ProChild). Embora n\u00e3o aprovado, o seu impacto deixou um legado, a semente que germinou no que agora conhecemos como DESIGNEDIN.<\/p>\n\n\n\n<h2 class=\"wp-block-heading\"><strong>Como ser\u00e1 um mundo amigo das crian\u00e7as?<\/strong><\/h2>\n\n\n\n<p>Durante o primeiro confinamento em 2020, ao refletir profundamente sobre o meu papel como designer, m\u00e3e e educadora adquiri uma nova perspetiva. No meio da pandemia, com o infant\u00e1rio fechado utilizei metodologias de design e actividades di\u00e1rias de co-design e co-cria\u00e7\u00e3o com a minha filha. Desenh\u00e1vamos, constru\u00edamos coisas, faz\u00edamos v\u00eddeos em stop-motion e experiment\u00e1vamos diferentes materiais e ajudei outros pais online a fazerem actividades de art e design divertidas com as crian\u00e7as. Este tempo foi uma oportunidade para explorar a imagina\u00e7\u00e3o e criarmos la\u00e7os com os nossos filhos, proporcionando um agrad\u00e1vel escape aos acontecimentos do mundo.<br><br>Ao observar de perto a vida quotidiana da minha filha, apercebi-me de que o mundo \u00e0 sua volta n\u00e3o \u00e9 desenhado tendo em conta os seus melhores interesses. Por vezes, ela tinha dificuldade em integrar-se porque n\u00e3o conseguia compreender ou interagir com a cidade. Isto fez-me questionar: Como seria um mundo concebido para as crian\u00e7as?<\/p>\n\n\n\n<h2 class=\"wp-block-heading\">Interessa-me genuinamente a forma como o design pode melhorar a vida e empoderar as crian\u00e7as, os pais, os designers, os inovadores, os educadores, as comunidades e a sociedade em geral. Atrav\u00e9s do design intencional, o meu objetivo \u00e9 criar solu\u00e7\u00f5es excepcionais baseadas numa abordagem centrada nas crian\u00e7as e nos adolescentes.<\/h2>\n\n\n<div class=\"wp-block-image\">\n<figure class=\"aligncenter size-large\"><img loading=\"lazy\" decoding=\"async\" width=\"730\" height=\"1024\" src=\"http:\/\/designedin.org\/wp-content\/uploads\/2022\/11\/221130-Serralves-730x1024.jpg\" alt=\"\" class=\"wp-image-720\" srcset=\"https:\/\/designedin.org\/wp-content\/uploads\/2022\/11\/221130-Serralves-730x1024.jpg 730w, https:\/\/designedin.org\/wp-content\/uploads\/2022\/11\/221130-Serralves-600x842.jpg 600w, https:\/\/designedin.org\/wp-content\/uploads\/2022\/11\/221130-Serralves-214x300.jpg 214w, https:\/\/designedin.org\/wp-content\/uploads\/2022\/11\/221130-Serralves-768x1078.jpg 768w, https:\/\/designedin.org\/wp-content\/uploads\/2022\/11\/221130-Serralves-1094x1536.jpg 1094w, https:\/\/designedin.org\/wp-content\/uploads\/2022\/11\/221130-Serralves-143x200.jpg 143w, https:\/\/designedin.org\/wp-content\/uploads\/2022\/11\/221130-Serralves.jpg 1425w\" sizes=\"auto, (max-width: 730px) 100vw, 730px\" \/><\/figure>\n<\/div>\n\n\n<h2 class=\"wp-block-heading\"><strong>As crian\u00e7as s\u00e3o o presente e o futuro do bom design<\/strong><\/h2>\n\n\n\n<p>As crian\u00e7as constituem quase 30% da popula\u00e7\u00e3o mundial e s\u00e3o 100% o nosso futuro. S\u00e3o agentes activos, criativos e sociais e a DESIGNEDIN acredita no poder do design para elevar a nossa sociedade e moldar um futuro onde elas prosperem.<\/p>\n\n\n\n<p>Guiada pelos princ\u00edpios fundamentais do bem-estar das crian\u00e7as e pelo compromisso com um planeta sustent\u00e1vel, a DESIGNEDIN \u00e9 especializada em servi\u00e7os de design e inova\u00e7\u00e3o dedicados \u00e0s crian\u00e7as e a outros stakeholders, como museus, institui\u00e7\u00f5es e empresas com necessidades ou desafios espec\u00edficos neste dom\u00ednio.<\/p>\n\n\n\n<p><a href=\"mailto: c&#108;&#97;&#114;&#97;&#64;&#100;&#101;&#115;i&#103;&#110;e&#100;in&#46;&#111;&#114;&#103;\">Contacte-m<\/a><a href=\"mailto:clara&#64;de&#115;i&#103;&#110;edin&#46;o&#114;&#103;\">e<\/a> se quiser colaborar ou agendar uma conversa.<\/p>\n\n\n\n<p><\/p>\n","protected":false},"excerpt":{"rendered":"<p>Ol\u00e1, chamo-me Clara Vieira Rodrigues e sou designer investigadora, empreendedora e ativista de design. \ud83d\ude42 Quinze anos depois de ter fundado e desenvolvido com sucesso o est\u00fadio de design e inova\u00e7\u00e3o Claan, \u2014 empresa graduada das Ind\u00fastrias Criativas do Parque de Ci\u00eancia e Tecnologia da Universidade do Porto (UPTEC) \u2014 fundei uma vertente de empresa social, a DESIGNEDIN. Sou investigadora de Intelig\u00eancia Artificial no ID+ e investigo a rela\u00e7\u00e3o entre as crian\u00e7as e a IA e a implementa\u00e7\u00e3o de solu\u00e7\u00f5es criativas, \u00e9ticas e respons\u00e1veis. Sou colunista de design centrado na crian\u00e7a, literacia digital e parentalidade tecnol\u00f3gica do jornal P\u00daBLICO e\u2026<\/p>\n","protected":false},"author":1,"featured_media":0,"parent":0,"menu_order":0,"comment_status":"closed","ping_status":"closed","template":"","meta":{"_acf_changed":false,"footnotes":""},"class_list":["post-1399","page","type-page","status-publish","hentry"],"acf":[],"yoast_head":"<!-- This site is optimized with the Yoast SEO plugin v22.7 - https:\/\/yoast.com\/wordpress\/plugins\/seo\/ -->\n<title>Sobre - DesignedIn<\/title>\n<meta name=\"robots\" content=\"index, follow, max-snippet:-1, max-image-preview:large, max-video-preview:-1\" \/>\n<link rel=\"canonical\" href=\"https:\/\/designedin.org\/pt-pt\/about-2\/\" \/>\n<meta property=\"og:locale\" content=\"pt_PT\" \/>\n<meta property=\"og:type\" content=\"article\" \/>\n<meta property=\"og:title\" content=\"Sobre - DesignedIn\" \/>\n<meta property=\"og:description\" content=\"Ol\u00e1, chamo-me Clara Vieira Rodrigues e sou designer investigadora, empreendedora e ativista de design. \ud83d\ude42 Quinze anos depois de ter fundado e desenvolvido com sucesso o est\u00fadio de design e inova\u00e7\u00e3o Claan, \u2014 empresa graduada das Ind\u00fastrias Criativas do Parque de Ci\u00eancia e Tecnologia da Universidade do Porto (UPTEC) \u2014 fundei uma vertente de empresa social, a DESIGNEDIN. Sou investigadora de Intelig\u00eancia Artificial no ID+ e investigo a rela\u00e7\u00e3o entre as crian\u00e7as e a IA e a implementa\u00e7\u00e3o de solu\u00e7\u00f5es criativas, \u00e9ticas e respons\u00e1veis. Sou colunista de design centrado na crian\u00e7a, literacia digital e parentalidade tecnol\u00f3gica do jornal P\u00daBLICO e\u2026\" \/>\n<meta property=\"og:url\" content=\"https:\/\/designedin.org\/pt-pt\/about-2\/\" \/>\n<meta property=\"og:site_name\" content=\"DesignedIn\" \/>\n<meta property=\"article:publisher\" content=\"https:\/\/www.facebook.com\/designedinblog\" \/>\n<meta property=\"article:modified_time\" content=\"2024-07-03T14:11:46+00:00\" \/>\n<meta property=\"og:image\" content=\"https:\/\/designedin.org\/wp-content\/uploads\/2022\/06\/Graphic-1024x980.jpg\" \/>\n<meta name=\"twitter:card\" content=\"summary_large_image\" \/>\n<meta name=\"twitter:site\" content=\"@designedinblog\" \/>\n<meta name=\"twitter:label1\" content=\"Tempo estimado de leitura\" \/>\n\t<meta name=\"twitter:data1\" content=\"4 minutos\" \/>\n<script type=\"application\/ld+json\" class=\"yoast-schema-graph\">{\"@context\":\"https:\/\/schema.org\",\"@graph\":[{\"@type\":\"WebPage\",\"@id\":\"https:\/\/designedin.org\/pt-pt\/about-2\/\",\"url\":\"https:\/\/designedin.org\/pt-pt\/about-2\/\",\"name\":\"Sobre - DesignedIn\",\"isPartOf\":{\"@id\":\"https:\/\/designedin.org\/#website\"},\"primaryImageOfPage\":{\"@id\":\"https:\/\/designedin.org\/pt-pt\/about-2\/#primaryimage\"},\"image\":{\"@id\":\"https:\/\/designedin.org\/pt-pt\/about-2\/#primaryimage\"},\"thumbnailUrl\":\"https:\/\/designedin.org\/wp-content\/uploads\/2022\/06\/Graphic-1024x980.jpg\",\"datePublished\":\"2023-08-27T18:16:36+00:00\",\"dateModified\":\"2024-07-03T14:11:46+00:00\",\"breadcrumb\":{\"@id\":\"https:\/\/designedin.org\/pt-pt\/about-2\/#breadcrumb\"},\"inLanguage\":\"pt-PT\",\"potentialAction\":[{\"@type\":\"ReadAction\",\"target\":[\"https:\/\/designedin.org\/pt-pt\/about-2\/\"]}]},{\"@type\":\"ImageObject\",\"inLanguage\":\"pt-PT\",\"@id\":\"https:\/\/designedin.org\/pt-pt\/about-2\/#primaryimage\",\"url\":\"https:\/\/designedin.org\/wp-content\/uploads\/2022\/06\/Graphic-1024x980.jpg\",\"contentUrl\":\"https:\/\/designedin.org\/wp-content\/uploads\/2022\/06\/Graphic-1024x980.jpg\"},{\"@type\":\"BreadcrumbList\",\"@id\":\"https:\/\/designedin.org\/pt-pt\/about-2\/#breadcrumb\",\"itemListElement\":[{\"@type\":\"ListItem\",\"position\":1,\"name\":\"Home\",\"item\":\"https:\/\/designedin.org\/pt-pt\/\"},{\"@type\":\"ListItem\",\"position\":2,\"name\":\"Sobre\"}]},{\"@type\":\"WebSite\",\"@id\":\"https:\/\/designedin.org\/#website\",\"url\":\"https:\/\/designedin.org\/\",\"name\":\"DesignedIn\",\"description\":\"Including Children by Design\",\"publisher\":{\"@id\":\"https:\/\/designedin.org\/#organization\"},\"potentialAction\":[{\"@type\":\"SearchAction\",\"target\":{\"@type\":\"EntryPoint\",\"urlTemplate\":\"https:\/\/designedin.org\/?s={search_term_string}\"},\"query-input\":\"required name=search_term_string\"}],\"inLanguage\":\"pt-PT\"},{\"@type\":\"Organization\",\"@id\":\"https:\/\/designedin.org\/#organization\",\"name\":\"Designed In\",\"url\":\"https:\/\/designedin.org\/\",\"logo\":{\"@type\":\"ImageObject\",\"inLanguage\":\"pt-PT\",\"@id\":\"https:\/\/designedin.org\/#\/schema\/logo\/image\/\",\"url\":\"https:\/\/designedin.org\/wp-content\/uploads\/2023\/08\/WP_logo-square.png\",\"contentUrl\":\"https:\/\/designedin.org\/wp-content\/uploads\/2023\/08\/WP_logo-square.png\",\"width\":1200,\"height\":1200,\"caption\":\"Designed In\"},\"image\":{\"@id\":\"https:\/\/designedin.org\/#\/schema\/logo\/image\/\"},\"sameAs\":[\"https:\/\/www.facebook.com\/designedinblog\",\"https:\/\/x.com\/designedinblog\",\"https:\/\/www.instagram.com\/designedin.blog\/\"]}]}<\/script>\n<!-- \/ Yoast SEO plugin. -->","yoast_head_json":{"title":"Sobre - DesignedIn","robots":{"index":"index","follow":"follow","max-snippet":"max-snippet:-1","max-image-preview":"max-image-preview:large","max-video-preview":"max-video-preview:-1"},"canonical":"https:\/\/designedin.org\/pt-pt\/about-2\/","og_locale":"pt_PT","og_type":"article","og_title":"Sobre - DesignedIn","og_description":"Ol\u00e1, chamo-me Clara Vieira Rodrigues e sou designer investigadora, empreendedora e ativista de design. \ud83d\ude42 Quinze anos depois de ter fundado e desenvolvido com sucesso o est\u00fadio de design e inova\u00e7\u00e3o Claan, \u2014 empresa graduada das Ind\u00fastrias Criativas do Parque de Ci\u00eancia e Tecnologia da Universidade do Porto (UPTEC) \u2014 fundei uma vertente de empresa social, a DESIGNEDIN. Sou investigadora de Intelig\u00eancia Artificial no ID+ e investigo a rela\u00e7\u00e3o entre as crian\u00e7as e a IA e a implementa\u00e7\u00e3o de solu\u00e7\u00f5es criativas, \u00e9ticas e respons\u00e1veis. Sou colunista de design centrado na crian\u00e7a, literacia digital e parentalidade tecnol\u00f3gica do jornal P\u00daBLICO e\u2026","og_url":"https:\/\/designedin.org\/pt-pt\/about-2\/","og_site_name":"DesignedIn","article_publisher":"https:\/\/www.facebook.com\/designedinblog","article_modified_time":"2024-07-03T14:11:46+00:00","og_image":[{"url":"https:\/\/designedin.org\/wp-content\/uploads\/2022\/06\/Graphic-1024x980.jpg"}],"twitter_card":"summary_large_image","twitter_site":"@designedinblog","twitter_misc":{"Tempo estimado de leitura":"4 minutos"},"schema":{"@context":"https:\/\/schema.org","@graph":[{"@type":"WebPage","@id":"https:\/\/designedin.org\/pt-pt\/about-2\/","url":"https:\/\/designedin.org\/pt-pt\/about-2\/","name":"Sobre - DesignedIn","isPartOf":{"@id":"https:\/\/designedin.org\/#website"},"primaryImageOfPage":{"@id":"https:\/\/designedin.org\/pt-pt\/about-2\/#primaryimage"},"image":{"@id":"https:\/\/designedin.org\/pt-pt\/about-2\/#primaryimage"},"thumbnailUrl":"https:\/\/designedin.org\/wp-content\/uploads\/2022\/06\/Graphic-1024x980.jpg","datePublished":"2023-08-27T18:16:36+00:00","dateModified":"2024-07-03T14:11:46+00:00","breadcrumb":{"@id":"https:\/\/designedin.org\/pt-pt\/about-2\/#breadcrumb"},"inLanguage":"pt-PT","potentialAction":[{"@type":"ReadAction","target":["https:\/\/designedin.org\/pt-pt\/about-2\/"]}]},{"@type":"ImageObject","inLanguage":"pt-PT","@id":"https:\/\/designedin.org\/pt-pt\/about-2\/#primaryimage","url":"https:\/\/designedin.org\/wp-content\/uploads\/2022\/06\/Graphic-1024x980.jpg","contentUrl":"https:\/\/designedin.org\/wp-content\/uploads\/2022\/06\/Graphic-1024x980.jpg"},{"@type":"BreadcrumbList","@id":"https:\/\/designedin.org\/pt-pt\/about-2\/#breadcrumb","itemListElement":[{"@type":"ListItem","position":1,"name":"Home","item":"https:\/\/designedin.org\/pt-pt\/"},{"@type":"ListItem","position":2,"name":"Sobre"}]},{"@type":"WebSite","@id":"https:\/\/designedin.org\/#website","url":"https:\/\/designedin.org\/","name":"DesignedIn","description":"Including Children by Design","publisher":{"@id":"https:\/\/designedin.org\/#organization"},"potentialAction":[{"@type":"SearchAction","target":{"@type":"EntryPoint","urlTemplate":"https:\/\/designedin.org\/?s={search_term_string}"},"query-input":"required name=search_term_string"}],"inLanguage":"pt-PT"},{"@type":"Organization","@id":"https:\/\/designedin.org\/#organization","name":"Designed In","url":"https:\/\/designedin.org\/","logo":{"@type":"ImageObject","inLanguage":"pt-PT","@id":"https:\/\/designedin.org\/#\/schema\/logo\/image\/","url":"https:\/\/designedin.org\/wp-content\/uploads\/2023\/08\/WP_logo-square.png","contentUrl":"https:\/\/designedin.org\/wp-content\/uploads\/2023\/08\/WP_logo-square.png","width":1200,"height":1200,"caption":"Designed In"},"image":{"@id":"https:\/\/designedin.org\/#\/schema\/logo\/image\/"},"sameAs":["https:\/\/www.facebook.com\/designedinblog","https:\/\/x.com\/designedinblog","https:\/\/www.instagram.com\/designedin.blog\/"]}]}},"jetpack_sharing_enabled":true,"_links":{"self":[{"href":"https:\/\/designedin.org\/pt-pt\/wp-json\/wp\/v2\/pages\/1399","targetHints":{"allow":["GET"]}}],"collection":[{"href":"https:\/\/designedin.org\/pt-pt\/wp-json\/wp\/v2\/pages"}],"about":[{"href":"https:\/\/designedin.org\/pt-pt\/wp-json\/wp\/v2\/types\/page"}],"author":[{"embeddable":true,"href":"https:\/\/designedin.org\/pt-pt\/wp-json\/wp\/v2\/users\/1"}],"replies":[{"embeddable":true,"href":"https:\/\/designedin.org\/pt-pt\/wp-json\/wp\/v2\/comments?post=1399"}],"version-history":[{"count":26,"href":"https:\/\/designedin.org\/pt-pt\/wp-json\/wp\/v2\/pages\/1399\/revisions"}],"predecessor-version":[{"id":2698,"href":"https:\/\/designedin.org\/pt-pt\/wp-json\/wp\/v2\/pages\/1399\/revisions\/2698"}],"wp:attachment":[{"href":"https:\/\/designedin.org\/pt-pt\/wp-json\/wp\/v2\/media?parent=1399"}],"curies":[{"name":"wp","href":"https:\/\/api.w.org\/{rel}","templated":true}]}}