{"id":862,"date":"2021-07-17T14:27:37","date_gmt":"2021-07-17T14:27:37","guid":{"rendered":"https:\/\/designedin.org\/homepage\/"},"modified":"2024-12-06T10:38:17","modified_gmt":"2024-12-06T10:38:17","slug":"homepage","status":"publish","type":"page","link":"https:\/\/designedin.org\/pt-pt\/","title":{"rendered":"Incluir as Crian\u00e7as pelo Design"},"content":{"rendered":"\n<p>Bem-vindos ao <strong>DESIGNEDIN<\/strong>! Capacitamos e empoderamos as crian\u00e7as e os jovens atrav\u00e9s do <strong>Design<\/strong> <strong>Centrado na Crian\u00e7a<\/strong>, do <strong>Co-Design<\/strong> e da <strong>Literacia Digital<\/strong>, ampliando o seu futuro e moldando uma nova sociedade. Com uma abordagem \u00e9tica e atrav\u00e9s de metodologias de design centradas no seu melhor interesse, contribu\u00edmos para uma sociedade mais justa e sustent\u00e1vel. Desenvolvemos projetos, desde a ideia e conceito, produ\u00e7\u00e3o, execu\u00e7\u00e3o at\u00e9 \u00e0 sua implementa\u00e7\u00e3o, e ao longo de todo o ciclo de vida do produto ou servi\u00e7o. <br>Criamos produtos, servi\u00e7os, experi\u00eancias, espa\u00e7os interiores e exteriores e interfaces adaptados \u00e0s crian\u00e7as e jovens, concordantes com os seus direitos, ampliando o seu futuro e moldando novos mundos atrav\u00e9s do design, numa <strong>abordagem baseada na prioridade \u00e0 crian\u00e7a<\/strong>.<\/p>\n\n\n\n<p>Com uma s\u00f3lida experi\u00eancia em <strong>inova\u00e7\u00e3o e tecnologia<\/strong>, trabalhamos para garantir a melhor estrat\u00e9gia para estabelecer a rela\u00e7\u00e3o entre as crian\u00e7as, os seus direitos e o seu bem-estar digital. O design centrado na crian\u00e7a vai para al\u00e9m da funcionalidade, \u00e9 um compromisso em colocar as necessidades, os direitos e as experi\u00eancias das crian\u00e7as na vanguarda do desenvolvimento tecnol\u00f3gico.<br><br>Se a sua organiza\u00e7\u00e3o tem um interesse genu\u00edno em tornar o mundo significativo e acolhedor para crian\u00e7as, pais e outras partes interessadas, temos as ferramentas, os conhecimentos e as metodologias que ir\u00e3o criar uma mudan\u00e7a com impacto. Atrav\u00e9s do <strong>design thinking<\/strong>, da co-cria\u00e7\u00e3o e de metodologias co-participativas, damos forma a novos mundos e a um futuro mais sustent\u00e1vel, resiliente e inclusivo.<\/p>\n\n\n\n<p class=\"has-text-align-center\"><a href=\"https:\/\/p5fpprfw9x9.typeform.com\/to\/JAUZohIw\">VAMOS CONVERSAR?<\/a><\/p>\n\n\n\n<p><strong>Como podemos ajudar?<\/strong><\/p>\n\n\n\n<p>Capacitamos as empresas e organiza\u00e7\u00f5es orientadas para a miss\u00e3o a dar prioridade ao bem-estar e \u00e0s necessidades das crian\u00e7as atrav\u00e9s de um design com impacto, centrado nas crian\u00e7as.<\/p>\n\n\n\n<div class=\"wp-block-columns is-layout-flex wp-container-core-columns-is-layout-9d6595d7 wp-block-columns-is-layout-flex\">\n<div class=\"wp-block-column is-layout-flow wp-block-column-is-layout-flow\">\n<p><strong>Consultancy and Design Services<\/strong><\/p>\n\n\n\n<p>\u2014 Consultoria<br>\u2014 Anima\u00e7\u00e3o e motion<br>\u2014 Design thinking, design sist\u00e9mico e de servi\u00e7os <br>\u2014 Design de espa\u00e7os, ambientes e sistemas de orienta\u00e7\u00e3o e sinal\u00e9tica<br>\u2014 Design e desenvolvimento de produto e play design<br><\/p>\n<\/div>\n\n\n\n<div class=\"wp-block-column is-layout-flow wp-block-column-is-layout-flow\">\n<p><strong>Oficinas e media\u00e7\u00e3o cultural<\/strong><\/p>\n\n\n\n<p>\u2014 Servi\u00e7os educativos para museus, corpora\u00e7\u00f5es e institui\u00e7\u00f5es<br>\u2014 Projectos e exposi\u00e7\u00f5es de arte e design<br>\u2014 Eventos, semin\u00e1rios e confer\u00eancias<br>\u2014  Design sprints e <em>designathons<\/em><br>\u2014 Sess\u00f5es de co-design e co-cria\u00e7\u00e3o<\/p>\n<\/div>\n\n\n\n<div class=\"wp-block-column is-layout-flow wp-block-column-is-layout-flow\">\n<p><strong>UX Design e Literacia<\/strong><\/p>\n\n\n\n<p>\u2014 Auditoria de UX<br>\u2014 Experi\u00eancia do utilizador (UX) e <em>Lean UX<\/em><br>\u2014 Design de intera\u00e7\u00e3o<br>\u2014 Literacia digital e literacia em IA e novas tecnologias<br>\u2014 <em>Team building<\/em> e <em>coaching<\/em><br>\u2014 Prototipagem e testes<br>\u2014 Pesquisa e artigos de opini\u00e3o<\/p>\n<\/div>\n<\/div>\n\n\n\n<figure class=\"wp-block-gallery has-nested-images columns-default is-cropped wp-block-gallery-1 is-layout-flex wp-block-gallery-is-layout-flex\">\n<figure class=\"wp-block-image size-large\"><img loading=\"lazy\" decoding=\"async\" width=\"1024\" height=\"768\" data-id=\"1858\" src=\"https:\/\/designedin.org\/wp-content\/uploads\/2024\/01\/IMG_5410-1024x768.jpg\" alt=\"\" class=\"wp-image-1858\" srcset=\"https:\/\/designedin.org\/wp-content\/uploads\/2024\/01\/IMG_5410-1024x768.jpg 1024w, https:\/\/designedin.org\/wp-content\/uploads\/2024\/01\/IMG_5410-300x225.jpg 300w, https:\/\/designedin.org\/wp-content\/uploads\/2024\/01\/IMG_5410-768x576.jpg 768w, https:\/\/designedin.org\/wp-content\/uploads\/2024\/01\/IMG_5410-1536x1152.jpg 1536w, https:\/\/designedin.org\/wp-content\/uploads\/2024\/01\/IMG_5410-200x150.jpg 200w, https:\/\/designedin.org\/wp-content\/uploads\/2024\/01\/IMG_5410-600x450.jpg 600w, https:\/\/designedin.org\/wp-content\/uploads\/2024\/01\/IMG_5410.jpg 2000w\" sizes=\"auto, (max-width: 1024px) 100vw, 1024px\" \/><\/figure>\n\n\n\n<figure class=\"wp-block-image size-large\"><img loading=\"lazy\" decoding=\"async\" width=\"1024\" height=\"768\" data-id=\"1860\" src=\"https:\/\/designedin.org\/wp-content\/uploads\/2024\/01\/image-2-scaled-1-1024x768.jpg\" alt=\"\" class=\"wp-image-1860\" srcset=\"https:\/\/designedin.org\/wp-content\/uploads\/2024\/01\/image-2-scaled-1-1024x768.jpg 1024w, https:\/\/designedin.org\/wp-content\/uploads\/2024\/01\/image-2-scaled-1-300x225.jpg 300w, https:\/\/designedin.org\/wp-content\/uploads\/2024\/01\/image-2-scaled-1-768x576.jpg 768w, https:\/\/designedin.org\/wp-content\/uploads\/2024\/01\/image-2-scaled-1-1536x1152.jpg 1536w, https:\/\/designedin.org\/wp-content\/uploads\/2024\/01\/image-2-scaled-1-2048x1536.jpg 2048w, https:\/\/designedin.org\/wp-content\/uploads\/2024\/01\/image-2-scaled-1-200x150.jpg 200w, https:\/\/designedin.org\/wp-content\/uploads\/2024\/01\/image-2-scaled-1-600x450.jpg 600w\" sizes=\"auto, (max-width: 1024px) 100vw, 1024px\" \/><\/figure>\n\n\n\n<figure class=\"wp-block-image size-large\"><img loading=\"lazy\" decoding=\"async\" width=\"1024\" height=\"768\" data-id=\"1855\" src=\"https:\/\/designedin.org\/wp-content\/uploads\/2024\/01\/EF_Travelmoji_2500x1000-1024x768.png\" alt=\"\" class=\"wp-image-1855\" srcset=\"https:\/\/designedin.org\/wp-content\/uploads\/2024\/01\/EF_Travelmoji_2500x1000-1024x768.png 1024w, https:\/\/designedin.org\/wp-content\/uploads\/2024\/01\/EF_Travelmoji_2500x1000-300x225.png 300w, https:\/\/designedin.org\/wp-content\/uploads\/2024\/01\/EF_Travelmoji_2500x1000-768x576.png 768w, https:\/\/designedin.org\/wp-content\/uploads\/2024\/01\/EF_Travelmoji_2500x1000-1536x1152.png 1536w, https:\/\/designedin.org\/wp-content\/uploads\/2024\/01\/EF_Travelmoji_2500x1000-200x150.png 200w, https:\/\/designedin.org\/wp-content\/uploads\/2024\/01\/EF_Travelmoji_2500x1000-600x450.png 600w, https:\/\/designedin.org\/wp-content\/uploads\/2024\/01\/EF_Travelmoji_2500x1000.png 1920w\" sizes=\"auto, (max-width: 1024px) 100vw, 1024px\" \/><\/figure>\n<\/figure>\n\n\n\n<p><\/p>\n\n\n\n<p class=\"has-text-align-center\"><a href=\"mailto:c&#111;n&#116;&#97;&#99;&#116;&#64;&#100;esi&#103;&#110;&#101;&#100;in.or&#103;\"><a href=\"mailto:&#99;&#111;&#110;&#116;&#97;&#99;t&#64;&#100;&#101;&#115;i&#103;n&#101;&#100;in&#46;or&#103;\">COMO PODEMOS COLABORAR?<\/a><\/a><\/p>\n\n\n\n<p><strong>Colaboramos com:<\/strong><\/p>\n\n\n\n<figure class=\"wp-block-image size-large is-resized\"><img loading=\"lazy\" decoding=\"async\" width=\"1024\" height=\"265\" src=\"https:\/\/designedin.org\/wp-content\/uploads\/2024\/12\/client-logos-4-1024x265.jpg\" alt=\"\" class=\"wp-image-2739\" srcset=\"https:\/\/designedin.org\/wp-content\/uploads\/2024\/12\/client-logos-4-1024x265.jpg 1024w, https:\/\/designedin.org\/wp-content\/uploads\/2024\/12\/client-logos-4-300x78.jpg 300w, https:\/\/designedin.org\/wp-content\/uploads\/2024\/12\/client-logos-4-768x199.jpg 768w, https:\/\/designedin.org\/wp-content\/uploads\/2024\/12\/client-logos-4-200x52.jpg 200w, https:\/\/designedin.org\/wp-content\/uploads\/2024\/12\/client-logos-4-600x155.jpg 600w, https:\/\/designedin.org\/wp-content\/uploads\/2024\/12\/client-logos-4.jpg 1502w\" sizes=\"auto, (max-width: 1024px) 100vw, 1024px\" \/><\/figure>\n\n\n\n<p class=\"has-text-align-center\"><a href=\"mailto:&#99;&#111;&#110;t&#97;c&#116;&#64;&#100;e&#115;i&#103;n&#101;d&#105;&#110;&#46;org\">GOSTARIA DE TRABALHAR CONNOSCO?<\/a><\/p>\n\n\n\n<p><strong>O que \u00e9 que pode encontrar aqui?<\/strong><\/p>\n\n\n\n<p>Um pouco <a href=\"https:\/\/designedin.org\/about\/\">sobre mim<\/a> e sobre como tudo come\u00e7ou, <a href=\"https:\/\/designedin.org\/blog\/\">artigos e reviews<\/a> onde partilho a minha investiga\u00e7\u00e3o e ideias e <a href=\"https:\/\/designedin.org\/projects\/\">projetos<\/a> criados e orientados por mim. Tamb\u00e9m pode encontrar <a href=\"https:\/\/designedin.org\/pt-pt\/resources\/\">recursos<\/a> importantes que compilei ao longo do meu percurso. Em breve teremos alguns produtos e loja online!<\/p>\n\n\n\n<p><strong>&#8220;If children are not designed into our cities, they are designed out.&#8221;<\/strong><\/p>\n\n\n\n<p>O nome DESIGNEDIN surgiu de uma cita\u00e7\u00e3o do autor e ativista George Monbiot que me tocou particularmente. Dizia que, se nos esquecermos de desenhar para as crian\u00e7as nas nossas cidades, \u00e9 como se as estiv\u00e9ssemos a excluir: &#8220;Se as crian\u00e7as n\u00e3o forem projectadas nas nossas cidades, ser\u00e3o projectadas para fora delas&#8221;. As crian\u00e7as precisam de explorar a cidade, de fazer parte da comunidade, contribuir e descobrir as suas pr\u00f3prias capacidades.<\/p>\n","protected":false},"excerpt":{"rendered":"<p>Bem-vindos ao DESIGNEDIN! Capacitamos e empoderamos as crian\u00e7as e os jovens atrav\u00e9s do Design Centrado na Crian\u00e7a, do Co-Design e da Literacia Digital, ampliando o seu futuro e moldando uma nova sociedade. Com uma abordagem \u00e9tica e atrav\u00e9s de metodologias de design centradas no seu melhor interesse, contribu\u00edmos para uma sociedade mais justa e sustent\u00e1vel. Desenvolvemos projetos, desde a ideia e conceito, produ\u00e7\u00e3o, execu\u00e7\u00e3o at\u00e9 \u00e0 sua implementa\u00e7\u00e3o, e ao longo de todo o ciclo de vida do produto ou servi\u00e7o. Criamos produtos, servi\u00e7os, experi\u00eancias, espa\u00e7os interiores e exteriores e interfaces adaptados \u00e0s crian\u00e7as e jovens, concordantes com os seus\u2026<\/p>\n","protected":false},"author":1,"featured_media":1315,"parent":0,"menu_order":0,"comment_status":"closed","ping_status":"closed","template":"","meta":{"_acf_changed":false,"footnotes":""},"class_list":["post-862","page","type-page","status-publish","has-post-thumbnail","hentry"],"acf":[],"yoast_head":"<!-- This site is optimized with the Yoast SEO plugin v22.7 - https:\/\/yoast.com\/wordpress\/plugins\/seo\/ -->\n<title>Incluir as Crian\u00e7as pelo Design - DesignedIn<\/title>\n<meta name=\"robots\" content=\"index, follow, max-snippet:-1, max-image-preview:large, max-video-preview:-1\" \/>\n<link rel=\"canonical\" href=\"https:\/\/designedin.org\/pt-pt\/\" \/>\n<meta property=\"og:locale\" content=\"pt_PT\" \/>\n<meta property=\"og:type\" content=\"article\" \/>\n<meta property=\"og:title\" content=\"Incluir as Crian\u00e7as pelo Design - DesignedIn\" \/>\n<meta property=\"og:description\" content=\"Bem-vindos ao DESIGNEDIN! Capacitamos e empoderamos as crian\u00e7as e os jovens atrav\u00e9s do Design Centrado na Crian\u00e7a, do Co-Design e da Literacia Digital, ampliando o seu futuro e moldando uma nova sociedade. Com uma abordagem \u00e9tica e atrav\u00e9s de metodologias de design centradas no seu melhor interesse, contribu\u00edmos para uma sociedade mais justa e sustent\u00e1vel. Desenvolvemos projetos, desde a ideia e conceito, produ\u00e7\u00e3o, execu\u00e7\u00e3o at\u00e9 \u00e0 sua implementa\u00e7\u00e3o, e ao longo de todo o ciclo de vida do produto ou servi\u00e7o. Criamos produtos, servi\u00e7os, experi\u00eancias, espa\u00e7os interiores e exteriores e interfaces adaptados \u00e0s crian\u00e7as e jovens, concordantes com os seus\u2026\" \/>\n<meta property=\"og:url\" content=\"https:\/\/designedin.org\/pt-pt\/\" \/>\n<meta property=\"og:site_name\" content=\"DesignedIn\" \/>\n<meta property=\"article:publisher\" content=\"https:\/\/www.facebook.com\/designedinblog\" \/>\n<meta property=\"article:modified_time\" content=\"2024-12-06T10:38:17+00:00\" \/>\n<meta property=\"og:image\" content=\"https:\/\/designedin.org\/wp-content\/uploads\/2023\/08\/WP_logo-square.png\" \/>\n\t<meta property=\"og:image:width\" content=\"1200\" \/>\n\t<meta property=\"og:image:height\" content=\"1200\" \/>\n\t<meta property=\"og:image:type\" content=\"image\/png\" \/>\n<meta name=\"twitter:card\" content=\"summary_large_image\" \/>\n<meta name=\"twitter:site\" content=\"@designedinblog\" \/>\n<script type=\"application\/ld+json\" class=\"yoast-schema-graph\">{\"@context\":\"https:\/\/schema.org\",\"@graph\":[{\"@type\":\"WebPage\",\"@id\":\"https:\/\/designedin.org\/pt-pt\/\",\"url\":\"https:\/\/designedin.org\/pt-pt\/\",\"name\":\"Incluir as Crian\u00e7as pelo Design - DesignedIn\",\"isPartOf\":{\"@id\":\"https:\/\/designedin.org\/#website\"},\"primaryImageOfPage\":{\"@id\":\"https:\/\/designedin.org\/pt-pt\/#primaryimage\"},\"image\":{\"@id\":\"https:\/\/designedin.org\/pt-pt\/#primaryimage\"},\"thumbnailUrl\":\"https:\/\/designedin.org\/wp-content\/uploads\/2023\/08\/WP_logo-square.png\",\"datePublished\":\"2021-07-17T14:27:37+00:00\",\"dateModified\":\"2024-12-06T10:38:17+00:00\",\"breadcrumb\":{\"@id\":\"https:\/\/designedin.org\/pt-pt\/#breadcrumb\"},\"inLanguage\":\"pt-PT\",\"potentialAction\":[{\"@type\":\"ReadAction\",\"target\":[\"https:\/\/designedin.org\/pt-pt\/\"]}]},{\"@type\":\"ImageObject\",\"inLanguage\":\"pt-PT\",\"@id\":\"https:\/\/designedin.org\/pt-pt\/#primaryimage\",\"url\":\"https:\/\/designedin.org\/wp-content\/uploads\/2023\/08\/WP_logo-square.png\",\"contentUrl\":\"https:\/\/designedin.org\/wp-content\/uploads\/2023\/08\/WP_logo-square.png\",\"width\":1200,\"height\":1200},{\"@type\":\"BreadcrumbList\",\"@id\":\"https:\/\/designedin.org\/pt-pt\/#breadcrumb\",\"itemListElement\":[{\"@type\":\"ListItem\",\"position\":1,\"name\":\"Home\",\"item\":\"https:\/\/designedin.org\/pt-pt\/\"},{\"@type\":\"ListItem\",\"position\":2,\"name\":\"Incluir as Crian\u00e7as pelo Design\"}]},{\"@type\":\"WebSite\",\"@id\":\"https:\/\/designedin.org\/#website\",\"url\":\"https:\/\/designedin.org\/\",\"name\":\"DesignedIn\",\"description\":\"Including Children by Design\",\"publisher\":{\"@id\":\"https:\/\/designedin.org\/#organization\"},\"potentialAction\":[{\"@type\":\"SearchAction\",\"target\":{\"@type\":\"EntryPoint\",\"urlTemplate\":\"https:\/\/designedin.org\/?s={search_term_string}\"},\"query-input\":\"required name=search_term_string\"}],\"inLanguage\":\"pt-PT\"},{\"@type\":\"Organization\",\"@id\":\"https:\/\/designedin.org\/#organization\",\"name\":\"Designed In\",\"url\":\"https:\/\/designedin.org\/\",\"logo\":{\"@type\":\"ImageObject\",\"inLanguage\":\"pt-PT\",\"@id\":\"https:\/\/designedin.org\/#\/schema\/logo\/image\/\",\"url\":\"https:\/\/designedin.org\/wp-content\/uploads\/2023\/08\/WP_logo-square.png\",\"contentUrl\":\"https:\/\/designedin.org\/wp-content\/uploads\/2023\/08\/WP_logo-square.png\",\"width\":1200,\"height\":1200,\"caption\":\"Designed In\"},\"image\":{\"@id\":\"https:\/\/designedin.org\/#\/schema\/logo\/image\/\"},\"sameAs\":[\"https:\/\/www.facebook.com\/designedinblog\",\"https:\/\/x.com\/designedinblog\",\"https:\/\/www.instagram.com\/designedin.blog\/\"]}]}<\/script>\n<!-- \/ Yoast SEO plugin. -->","yoast_head_json":{"title":"Incluir as Crian\u00e7as pelo Design - DesignedIn","robots":{"index":"index","follow":"follow","max-snippet":"max-snippet:-1","max-image-preview":"max-image-preview:large","max-video-preview":"max-video-preview:-1"},"canonical":"https:\/\/designedin.org\/pt-pt\/","og_locale":"pt_PT","og_type":"article","og_title":"Incluir as Crian\u00e7as pelo Design - DesignedIn","og_description":"Bem-vindos ao DESIGNEDIN! Capacitamos e empoderamos as crian\u00e7as e os jovens atrav\u00e9s do Design Centrado na Crian\u00e7a, do Co-Design e da Literacia Digital, ampliando o seu futuro e moldando uma nova sociedade. Com uma abordagem \u00e9tica e atrav\u00e9s de metodologias de design centradas no seu melhor interesse, contribu\u00edmos para uma sociedade mais justa e sustent\u00e1vel. Desenvolvemos projetos, desde a ideia e conceito, produ\u00e7\u00e3o, execu\u00e7\u00e3o at\u00e9 \u00e0 sua implementa\u00e7\u00e3o, e ao longo de todo o ciclo de vida do produto ou servi\u00e7o. Criamos produtos, servi\u00e7os, experi\u00eancias, espa\u00e7os interiores e exteriores e interfaces adaptados \u00e0s crian\u00e7as e jovens, concordantes com os seus\u2026","og_url":"https:\/\/designedin.org\/pt-pt\/","og_site_name":"DesignedIn","article_publisher":"https:\/\/www.facebook.com\/designedinblog","article_modified_time":"2024-12-06T10:38:17+00:00","og_image":[{"width":1200,"height":1200,"url":"https:\/\/designedin.org\/wp-content\/uploads\/2023\/08\/WP_logo-square.png","type":"image\/png"}],"twitter_card":"summary_large_image","twitter_site":"@designedinblog","schema":{"@context":"https:\/\/schema.org","@graph":[{"@type":"WebPage","@id":"https:\/\/designedin.org\/pt-pt\/","url":"https:\/\/designedin.org\/pt-pt\/","name":"Incluir as Crian\u00e7as pelo Design - DesignedIn","isPartOf":{"@id":"https:\/\/designedin.org\/#website"},"primaryImageOfPage":{"@id":"https:\/\/designedin.org\/pt-pt\/#primaryimage"},"image":{"@id":"https:\/\/designedin.org\/pt-pt\/#primaryimage"},"thumbnailUrl":"https:\/\/designedin.org\/wp-content\/uploads\/2023\/08\/WP_logo-square.png","datePublished":"2021-07-17T14:27:37+00:00","dateModified":"2024-12-06T10:38:17+00:00","breadcrumb":{"@id":"https:\/\/designedin.org\/pt-pt\/#breadcrumb"},"inLanguage":"pt-PT","potentialAction":[{"@type":"ReadAction","target":["https:\/\/designedin.org\/pt-pt\/"]}]},{"@type":"ImageObject","inLanguage":"pt-PT","@id":"https:\/\/designedin.org\/pt-pt\/#primaryimage","url":"https:\/\/designedin.org\/wp-content\/uploads\/2023\/08\/WP_logo-square.png","contentUrl":"https:\/\/designedin.org\/wp-content\/uploads\/2023\/08\/WP_logo-square.png","width":1200,"height":1200},{"@type":"BreadcrumbList","@id":"https:\/\/designedin.org\/pt-pt\/#breadcrumb","itemListElement":[{"@type":"ListItem","position":1,"name":"Home","item":"https:\/\/designedin.org\/pt-pt\/"},{"@type":"ListItem","position":2,"name":"Incluir as Crian\u00e7as pelo Design"}]},{"@type":"WebSite","@id":"https:\/\/designedin.org\/#website","url":"https:\/\/designedin.org\/","name":"DesignedIn","description":"Including Children by Design","publisher":{"@id":"https:\/\/designedin.org\/#organization"},"potentialAction":[{"@type":"SearchAction","target":{"@type":"EntryPoint","urlTemplate":"https:\/\/designedin.org\/?s={search_term_string}"},"query-input":"required name=search_term_string"}],"inLanguage":"pt-PT"},{"@type":"Organization","@id":"https:\/\/designedin.org\/#organization","name":"Designed In","url":"https:\/\/designedin.org\/","logo":{"@type":"ImageObject","inLanguage":"pt-PT","@id":"https:\/\/designedin.org\/#\/schema\/logo\/image\/","url":"https:\/\/designedin.org\/wp-content\/uploads\/2023\/08\/WP_logo-square.png","contentUrl":"https:\/\/designedin.org\/wp-content\/uploads\/2023\/08\/WP_logo-square.png","width":1200,"height":1200,"caption":"Designed In"},"image":{"@id":"https:\/\/designedin.org\/#\/schema\/logo\/image\/"},"sameAs":["https:\/\/www.facebook.com\/designedinblog","https:\/\/x.com\/designedinblog","https:\/\/www.instagram.com\/designedin.blog\/"]}]}},"jetpack_sharing_enabled":true,"_links":{"self":[{"href":"https:\/\/designedin.org\/pt-pt\/wp-json\/wp\/v2\/pages\/862","targetHints":{"allow":["GET"]}}],"collection":[{"href":"https:\/\/designedin.org\/pt-pt\/wp-json\/wp\/v2\/pages"}],"about":[{"href":"https:\/\/designedin.org\/pt-pt\/wp-json\/wp\/v2\/types\/page"}],"author":[{"embeddable":true,"href":"https:\/\/designedin.org\/pt-pt\/wp-json\/wp\/v2\/users\/1"}],"replies":[{"embeddable":true,"href":"https:\/\/designedin.org\/pt-pt\/wp-json\/wp\/v2\/comments?post=862"}],"version-history":[{"count":59,"href":"https:\/\/designedin.org\/pt-pt\/wp-json\/wp\/v2\/pages\/862\/revisions"}],"predecessor-version":[{"id":2741,"href":"https:\/\/designedin.org\/pt-pt\/wp-json\/wp\/v2\/pages\/862\/revisions\/2741"}],"wp:featuredmedia":[{"embeddable":true,"href":"https:\/\/designedin.org\/pt-pt\/wp-json\/wp\/v2\/media\/1315"}],"wp:attachment":[{"href":"https:\/\/designedin.org\/pt-pt\/wp-json\/wp\/v2\/media?parent=862"}],"curies":[{"name":"wp","href":"https:\/\/api.w.org\/{rel}","templated":true}]}}